{"id":24333,"date":"2024-04-23T13:04:12","date_gmt":"2024-04-23T11:04:12","guid":{"rendered":"https:\/\/www.velonummern.ch\/?post_type=product&#038;p=24333"},"modified":"2025-07-03T07:49:52","modified_gmt":"2025-07-03T05:49:52","slug":"lu-1896-rechsts","status":"publish","type":"product","link":"https:\/\/www.velonummern.ch\/fr\/produit\/lu-1896-rechsts\/","title":{"rendered":"LU 1896 rechts"},"content":{"rendered":"<p>Kanton: Luzern<br \/>\nNummer: 2338<br \/>\nJahr: 1896<br \/>\nPrim\u00e4r-Design<br \/>\nHersteller Gravur: keine<br \/>\nBefestigung: vorne<br \/>\nAnsicht: Fahrtrichtung rechte Seite<\/p>\n<p>Sammlung: Christoph Zemp<\/p>\n<p>Material: Stahlblech hell lackiert; die Zahlen mit schwarzer Farbe aufgetragen.<br \/>\nAbmessungen: H\u00f6he 5 cm x Breite 9 cm<\/p>\n<p>Der Kanton Luzern f\u00fchrt die Fahrradkennzeichen am 1. Mai 1896 <a href=\"https:\/\/www.velonummern.ch\/archiv\/1896-lu-verordnung-betreffend-das-fahren-mit-velocipedes\/\">[DOKUMENT]<\/a> mittels einer Erg\u00e4nzung zur bestehenden Verordnung aus dem Jahr 1892 ein <a href=\"https:\/\/www.velonummern.ch\/archiv\/1892-lu-doch-kein-historischer-moment-im-kanton-luzern\/\">[DOKUMENT]<\/a>, welche noch keine Velonummern vorsieht. Diese Nummer hat weder einen Jahrgang noch eine Kantonsbezeichnung. Sie ist \u00abin deutlich sichtbarer Weise nach vorne, an der Steuerung des Fahrrades anzubringen\u00bb. Dieses Kennzeichen mit der Nummer \u00ab2338\u00bb aus Luzern ist das erste, von dem wir ein Foto von beiden Seiten zeigen k\u00f6nnen und wissen, wie gross es ist.<\/p>\n<p>Zu diesen ersten Velonummern im Kanton Luzern kursieren zum Teil sehr widerspr\u00fcchliche Informationen. Zum Beispiel jene, dass diese Kennzeichen auch f\u00fcr Autos verwendet wurden. Das schliessen wir nicht aus, jedoch gibt es f\u00fcr diese Annahme bis heute noch keine Belege, da die kantonalen Kennzeichen f\u00fcr Motorwagen in Luzern erst mit der \u00abVerordnung betreffend den Motorwagenverkehr auf \u00f6ffentlichen Strassen\u00bb vom 31. August 1901 eingef\u00fchrt wurden. Wissen Sie mehr dar\u00fcber?<\/p>\n<p>Mehr Informationen finden Sie im Schweizer Velonummern Museum: <a href=\"https:\/\/www.velonummern.ch\/geschichte\/\">Geschichte der Schweizer Fahrradkennzeichen<\/a><\/p>\n","protected":false},"excerpt":{"rendered":"<p>Kanton: Luzern<br \/>\nNummer: 2338<br \/>\nJahr: 1896<br \/>\nPrim\u00e4r-Design<br \/>\nHersteller Gravur: keine<br \/>\nBefestigung: vorne<br \/>\nAnsicht: Fahrtrichtung rechte Seite<\/p>\n<p>Sammlung: Christoph Zemp<\/p>\n<p>Material: Stahlblech hell lackiert; die Zahlen mit schwarzer Farbe aufgetragen.<br \/>\nAbmessungen: H\u00f6he 5 cm x Breite 9 cm<\/p>\n<p>Der Kanton Luzern f\u00fchrt die Fahrradkennzeichen am 1. Mai 1896 <a href=\"https:\/\/www.velonummern.ch\/archiv\/1896-lu-verordnung-betreffend-das-fahren-mit-velocipedes\/\">[DOKUMENT]<\/a> mittels einer Erg\u00e4nzung zur bestehenden Verordnung aus dem Jahr 1892 ein <a href=\"https:\/\/www.velonummern.ch\/archiv\/1892-lu-doch-kein-historischer-moment-im-kanton-luzern\/\">[DOKUMENT]<\/a>, welche noch keine Velonummern vorsieht. Diese Nummer hat weder einen Jahrgang noch eine Kantonsbezeichnung. Sie ist \u00abin deutlich sichtbarer Weise nach vorne, an der Steuerung des Fahrrades anzubringen\u00bb. Dieses Kennzeichen mit der Nummer \u00ab2338\u00bb aus Luzern ist das erste, von dem wir ein Foto von beide Seiten zeigen k\u00f6nnen und wissen, wie gross es ist.<\/p>\n<p>Zu diesen ersten Velonummern im Kanton Luzern kursieren zum Teil sehr widerspr\u00fcchliche Informationen. Zum Beispiel jene, dass diese Kennzeichen auch f\u00fcr Autos verwendet wurden. Das schliessen wir nicht aus, jedoch gibt es f\u00fcr diese Annahme bis heute noch keine Belege, da die kantonalen Kennzeichen f\u00fcr Motorwagen in Luzern erst mit der \u00abVerordnung betreffend den Motorwagenverkehr auf \u00f6ffentlichen Strassen\u00bb vom 31. August 1901 eingef\u00fchrt wurden. Wissen Sie mehr dar\u00fcber?<\/p>\n<p>Mehr Informationen finden Sie im Schweizer Velonummern Museum: <a href=\"https:\/\/www.velonummern.ch\/geschichte\/\">Geschichte der Schweizer Fahrradkennzeichen<\/a><\/p>\n","protected":false},"featured_media":24334,"template":"","meta":{"_acf_changed":false,"inline_featured_image":false},"product_brand":[],"product_cat":[166,222,238],"product_tag":[],"class_list":["post-24333","product","type-product","status-publish","has-post-thumbnail","product_cat-166","product_cat-lu-luzern","product_cat-special-design","first","outofstock","sold-individually","product-type-simple"],"acf":[],"yoast_head":"<!-- This site is optimized with the Yoast SEO plugin v28.4 - https:\/\/yoast.com\/product\/yoast-seo-wordpress\/ -->\n<title>Fahrradkennzeichen LU 1896 rechts | Musee Suisse de Plaques de Velo<\/title>\n<meta name=\"description\" content=\"Velonummer LU 1896 Luzern. Das erste Fahrradkennzeichen des Kantons Luzern gem\u00e4ss Verordnung vom 1. Mai 1896 muss vorne am Velo befestigt werden.\" \/>\n<meta name=\"robots\" content=\"index, follow, max-snippet:-1, max-image-preview:large, max-video-preview:-1\" \/>\n<link rel=\"canonical\" href=\"https:\/\/www.velonummern.ch\/fr\/produit\/lu-1896-rechsts\/\" \/>\n<meta name=\"twitter:label1\" content=\"Dur\u00e9e de lecture estim\u00e9e\" \/>\n\t<meta name=\"twitter:data1\" content=\"1 minute\" \/>\n<script type=\"application\/ld+json\" class=\"yoast-schema-graph\">{\"@context\":\"https:\\\/\\\/schema.org\",\"@graph\":[{\"@type\":\"WebPage\",\"@id\":\"https:\\\/\\\/www.velonummern.ch\\\/fr\\\/produit\\\/lu-1896-rechsts\\\/\",\"url\":\"https:\\\/\\\/www.velonummern.ch\\\/fr\\\/produit\\\/lu-1896-rechsts\\\/\",\"name\":\"Fahrradkennzeichen LU 1896 rechts | Musee Suisse de Plaques de Velo\",\"isPartOf\":{\"@id\":\"https:\\\/\\\/www.velonummern.ch\\\/fr\\\/#website\"},\"primaryImageOfPage\":{\"@id\":\"https:\\\/\\\/www.velonummern.ch\\\/fr\\\/produit\\\/lu-1896-rechsts\\\/#primaryimage\"},\"image\":{\"@id\":\"https:\\\/\\\/www.velonummern.ch\\\/fr\\\/produit\\\/lu-1896-rechsts\\\/#primaryimage\"},\"thumbnailUrl\":\"https:\\\/\\\/www.velonummern.ch\\\/wp-content\\\/uploads\\\/2024\\\/04\\\/LU-1896-rechts-Hotan.jpg\",\"datePublished\":\"2024-04-23T11:04:12+00:00\",\"dateModified\":\"2025-07-03T05:49:52+00:00\",\"description\":\"Velonummer LU 1896 Luzern. Das erste Fahrradkennzeichen des Kantons Luzern gem\u00e4ss Verordnung vom 1. Mai 1896 muss vorne am Velo befestigt werden.\",\"breadcrumb\":{\"@id\":\"https:\\\/\\\/www.velonummern.ch\\\/fr\\\/produit\\\/lu-1896-rechsts\\\/#breadcrumb\"},\"inLanguage\":\"fr-FR\",\"potentialAction\":[{\"@type\":\"ReadAction\",\"target\":[\"https:\\\/\\\/www.velonummern.ch\\\/fr\\\/produit\\\/lu-1896-rechsts\\\/\"]}]},{\"@type\":\"ImageObject\",\"inLanguage\":\"fr-FR\",\"@id\":\"https:\\\/\\\/www.velonummern.ch\\\/fr\\\/produit\\\/lu-1896-rechsts\\\/#primaryimage\",\"url\":\"https:\\\/\\\/www.velonummern.ch\\\/wp-content\\\/uploads\\\/2024\\\/04\\\/LU-1896-rechts-Hotan.jpg\",\"contentUrl\":\"https:\\\/\\\/www.velonummern.ch\\\/wp-content\\\/uploads\\\/2024\\\/04\\\/LU-1896-rechts-Hotan.jpg\",\"width\":2000,\"height\":2000},{\"@type\":\"BreadcrumbList\",\"@id\":\"https:\\\/\\\/www.velonummern.ch\\\/fr\\\/produit\\\/lu-1896-rechsts\\\/#breadcrumb\",\"itemListElement\":[{\"@type\":\"ListItem\",\"position\":1,\"name\":\"Startseite\",\"item\":\"https:\\\/\\\/www.velonummern.ch\\\/fr\\\/\"},{\"@type\":\"ListItem\",\"position\":2,\"name\":\"Produits\",\"item\":\"https:\\\/\\\/www.velonummern.ch\\\/fr\\\/shop\\\/\"},{\"@type\":\"ListItem\",\"position\":3,\"name\":\"LU 1896 rechts\"}]},{\"@type\":\"WebSite\",\"@id\":\"https:\\\/\\\/www.velonummern.ch\\\/fr\\\/#website\",\"url\":\"https:\\\/\\\/www.velonummern.ch\\\/fr\\\/\",\"name\":\"Musee Suisse de Plaques de Velo\",\"description\":\"\",\"publisher\":{\"@id\":\"https:\\\/\\\/www.velonummern.ch\\\/fr\\\/#organization\"},\"potentialAction\":[{\"@type\":\"SearchAction\",\"target\":{\"@type\":\"EntryPoint\",\"urlTemplate\":\"https:\\\/\\\/www.velonummern.ch\\\/fr\\\/?s={search_term_string}\"},\"query-input\":{\"@type\":\"PropertyValueSpecification\",\"valueRequired\":true,\"valueName\":\"search_term_string\"}}],\"inLanguage\":\"fr-FR\"},{\"@type\":\"Organization\",\"@id\":\"https:\\\/\\\/www.velonummern.ch\\\/fr\\\/#organization\",\"name\":\"Musee Suisse de Plaques de Velo\",\"url\":\"https:\\\/\\\/www.velonummern.ch\\\/fr\\\/\",\"logo\":{\"@type\":\"ImageObject\",\"inLanguage\":\"fr-FR\",\"@id\":\"https:\\\/\\\/www.velonummern.ch\\\/fr\\\/#\\\/schema\\\/logo\\\/image\\\/\",\"url\":\"https:\\\/\\\/www.velonummern.ch\\\/wp-content\\\/uploads\\\/2022\\\/04\\\/logo-de-1.svg\",\"contentUrl\":\"https:\\\/\\\/www.velonummern.ch\\\/wp-content\\\/uploads\\\/2022\\\/04\\\/logo-de-1.svg\",\"width\":\"1024\",\"height\":\"1024\",\"caption\":\"Musee Suisse de Plaques de Velo\"},\"image\":{\"@id\":\"https:\\\/\\\/www.velonummern.ch\\\/fr\\\/#\\\/schema\\\/logo\\\/image\\\/\"}}]}<\/script>\n<!-- \/ Yoast SEO plugin. -->","yoast_head_json":{"title":"Fahrradkennzeichen LU 1896 rechts | Musee Suisse de Plaques de Velo","description":"Velonummer LU 1896 Luzern. Das erste Fahrradkennzeichen des Kantons Luzern gem\u00e4ss Verordnung vom 1. Mai 1896 muss vorne am Velo befestigt werden.","robots":{"index":"index","follow":"follow","max-snippet":"max-snippet:-1","max-image-preview":"max-image-preview:large","max-video-preview":"max-video-preview:-1"},"canonical":"https:\/\/www.velonummern.ch\/fr\/produit\/lu-1896-rechsts\/","twitter_misc":{"Dur\u00e9e de lecture estim\u00e9e":"1 minute"},"schema":{"@context":"https:\/\/schema.org","@graph":[{"@type":"WebPage","@id":"https:\/\/www.velonummern.ch\/fr\/produit\/lu-1896-rechsts\/","url":"https:\/\/www.velonummern.ch\/fr\/produit\/lu-1896-rechsts\/","name":"Fahrradkennzeichen LU 1896 rechts | Musee Suisse de Plaques de Velo","isPartOf":{"@id":"https:\/\/www.velonummern.ch\/fr\/#website"},"primaryImageOfPage":{"@id":"https:\/\/www.velonummern.ch\/fr\/produit\/lu-1896-rechsts\/#primaryimage"},"image":{"@id":"https:\/\/www.velonummern.ch\/fr\/produit\/lu-1896-rechsts\/#primaryimage"},"thumbnailUrl":"https:\/\/www.velonummern.ch\/wp-content\/uploads\/2024\/04\/LU-1896-rechts-Hotan.jpg","datePublished":"2024-04-23T11:04:12+00:00","dateModified":"2025-07-03T05:49:52+00:00","description":"Velonummer LU 1896 Luzern. Das erste Fahrradkennzeichen des Kantons Luzern gem\u00e4ss Verordnung vom 1. Mai 1896 muss vorne am Velo befestigt werden.","breadcrumb":{"@id":"https:\/\/www.velonummern.ch\/fr\/produit\/lu-1896-rechsts\/#breadcrumb"},"inLanguage":"fr-FR","potentialAction":[{"@type":"ReadAction","target":["https:\/\/www.velonummern.ch\/fr\/produit\/lu-1896-rechsts\/"]}]},{"@type":"ImageObject","inLanguage":"fr-FR","@id":"https:\/\/www.velonummern.ch\/fr\/produit\/lu-1896-rechsts\/#primaryimage","url":"https:\/\/www.velonummern.ch\/wp-content\/uploads\/2024\/04\/LU-1896-rechts-Hotan.jpg","contentUrl":"https:\/\/www.velonummern.ch\/wp-content\/uploads\/2024\/04\/LU-1896-rechts-Hotan.jpg","width":2000,"height":2000},{"@type":"BreadcrumbList","@id":"https:\/\/www.velonummern.ch\/fr\/produit\/lu-1896-rechsts\/#breadcrumb","itemListElement":[{"@type":"ListItem","position":1,"name":"Startseite","item":"https:\/\/www.velonummern.ch\/fr\/"},{"@type":"ListItem","position":2,"name":"Produits","item":"https:\/\/www.velonummern.ch\/fr\/shop\/"},{"@type":"ListItem","position":3,"name":"LU 1896 rechts"}]},{"@type":"WebSite","@id":"https:\/\/www.velonummern.ch\/fr\/#website","url":"https:\/\/www.velonummern.ch\/fr\/","name":"Musee Suisse de Plaques de Velo","description":"","publisher":{"@id":"https:\/\/www.velonummern.ch\/fr\/#organization"},"potentialAction":[{"@type":"SearchAction","target":{"@type":"EntryPoint","urlTemplate":"https:\/\/www.velonummern.ch\/fr\/?s={search_term_string}"},"query-input":{"@type":"PropertyValueSpecification","valueRequired":true,"valueName":"search_term_string"}}],"inLanguage":"fr-FR"},{"@type":"Organization","@id":"https:\/\/www.velonummern.ch\/fr\/#organization","name":"Musee Suisse de Plaques de Velo","url":"https:\/\/www.velonummern.ch\/fr\/","logo":{"@type":"ImageObject","inLanguage":"fr-FR","@id":"https:\/\/www.velonummern.ch\/fr\/#\/schema\/logo\/image\/","url":"https:\/\/www.velonummern.ch\/wp-content\/uploads\/2022\/04\/logo-de-1.svg","contentUrl":"https:\/\/www.velonummern.ch\/wp-content\/uploads\/2022\/04\/logo-de-1.svg","width":"1024","height":"1024","caption":"Musee Suisse de Plaques de Velo"},"image":{"@id":"https:\/\/www.velonummern.ch\/fr\/#\/schema\/logo\/image\/"}}]}},"_links":{"self":[{"href":"https:\/\/www.velonummern.ch\/fr\/wp-json\/wp\/v2\/product\/24333","targetHints":{"allow":["GET"]}}],"collection":[{"href":"https:\/\/www.velonummern.ch\/fr\/wp-json\/wp\/v2\/product"}],"about":[{"href":"https:\/\/www.velonummern.ch\/fr\/wp-json\/wp\/v2\/types\/product"}],"wp:featuredmedia":[{"embeddable":true,"href":"https:\/\/www.velonummern.ch\/fr\/wp-json\/wp\/v2\/media\/24334"}],"wp:attachment":[{"href":"https:\/\/www.velonummern.ch\/fr\/wp-json\/wp\/v2\/media?parent=24333"}],"wp:term":[{"taxonomy":"product_brand","embeddable":true,"href":"https:\/\/www.velonummern.ch\/fr\/wp-json\/wp\/v2\/product_brand?post=24333"},{"taxonomy":"product_cat","embeddable":true,"href":"https:\/\/www.velonummern.ch\/fr\/wp-json\/wp\/v2\/product_cat?post=24333"},{"taxonomy":"product_tag","embeddable":true,"href":"https:\/\/www.velonummern.ch\/fr\/wp-json\/wp\/v2\/product_tag?post=24333"}],"curies":[{"name":"wp","href":"https:\/\/api.w.org\/{rel}","templated":true}]}}